{"id":4441,"date":"2020-03-02T17:06:57","date_gmt":"2020-03-02T16:06:57","guid":{"rendered":"https:\/\/www.asta-giessen.de\/?page_id=4441"},"modified":"2024-11-16T16:17:07","modified_gmt":"2024-11-16T15:17:07","slug":"stellenausschreibungen","status":"publish","type":"page","link":"https:\/\/www.asta-giessen.de\/en\/sonstiges\/stellenausschreibungen\/","title":{"rendered":"Stellenausschreibungen"},"content":{"rendered":"<strong>Stellenausschreibung &#8211; Koordinationskraft (m\/w\/d)<\/strong>\r\n\r\n<a href=\"https:\/\/www.asta-giessen.de\/wp-content\/uploads\/2024\/11\/agah-Stellenausschreibung-Koordinationskraft-mwd-ab-1.1.2025-1.pdf\" class=\"pdfemb-viewer\" style=\"height: 800px; \" data-width=\"max\" data-height=\"800\" data-mobile-width=\"500\"  data-scrollbar=\"none\" data-download=\"on\" data-tracking=\"on\" data-newwindow=\"on\" data-pagetextbox=\"off\" data-scrolltotop=\"off\" data-startzoom=\"100\" data-startfpzoom=\"100\" data-toolbar=\"top\" data-toolbar-fixed=\"off\">agah-Stellenausschreibung - Koordinationskraft mwd - ab 1.1.2025<br\/><\/a>\r\n<h4>&#8212;&#8212;&#8212;&#8212;&#8212;&#8212;&#8212;&#8212;&#8212;&#8212;&#8212;&#8212;&#8212;&#8212;&#8212;&#8212;&#8212;&#8212;&#8212;&#8212;&#8212;&#8212;&#8212;&#8212;&#8212;&#8212;&#8212;&#8212;&#8212;&#8212;&#8212;-<\/h4>\r\n<strong>Stellenausschreibung &#8211; Planetariumsvorf\u00fchrer*in<\/strong>\r\n\r\n<a href=\"https:\/\/www.asta-giessen.de\/wp-content\/uploads\/2024\/11\/Schulplanetarium_Giessen_QR.pdf\" class=\"pdfemb-viewer\" style=\"height: 800px; \" data-width=\"max\" data-height=\"800\" data-mobile-width=\"500\"  data-scrollbar=\"none\" data-download=\"on\" data-tracking=\"on\" data-newwindow=\"on\" data-pagetextbox=\"off\" data-scrolltotop=\"off\" data-startzoom=\"100\" data-startfpzoom=\"100\" data-toolbar=\"top\" data-toolbar-fixed=\"off\">Schulplanetarium_Giessen_QR<br\/><\/a>\r\n<h4>&#8212;&#8212;&#8212;&#8212;&#8212;&#8212;&#8212;&#8212;&#8212;&#8212;&#8212;&#8212;&#8212;&#8212;&#8212;&#8212;&#8212;&#8212;&#8212;&#8212;&#8212;&#8212;&#8212;&#8212;&#8212;&#8212;&#8212;&#8212;&#8212;&#8212;&#8212;-<\/h4>\r\n<strong>Studentische Mitarbeiter (w\/m\/d) im Bereich Social Media<\/strong>\r\n\r\nF\u00fcr unsere Stabsstelle Unternehmenskommunikation in Gie\u00dfen suchen wir zum n\u00e4chstm\u00f6glichen Zeitpunkt:\r\n\r\nStudentische Mitarbeiter (w\/m\/d) im Bereich Social Media\r\n\r\nim Umfang von 5 Std. w\u00f6chentlich, zun\u00e4chst befristet auf 6 Monate\r\n\r\nDie Social-Media-Redaktion \u201eDie Normalos \u2013 die Inklusiv-Reporter\u201c der Lebenshilfe Gie\u00dfen berichtet regelm\u00e4\u00dfig via Instagram und anderen Kan\u00e4len \u00fcber Themen, die die Mitglieder mit und ohne Behinderung bewegen und m\u00f6chte Inklusion im Netz dadurch sichtbarer machen. In w\u00f6chentlichen Redaktionssitzungen in Gie\u00dfen gelangen wir miteinander in den Austausch, stellen Content her, dar\u00fcber hinaus berichten die \u201eNormalos\u201c auch regelm\u00e4\u00dfig im Rahmen von Au\u00dfeneins\u00e4tzen und Reportagen. Weitere Informationen auf:\r\n\r\nhttps:\/\/www.lebenshilfe-giessen.de\/ueber-uns\/veroeffentlichungen\/inklusive-social-media-redaktion\r\n\r\n<strong>Sie bringen mit:<\/strong>\r\n<ul>\r\n \t<li>Empathie und Freude im Umgang mit Menschen mit Behinderung<\/li>\r\n \t<li>Hohe Affinit\u00e4t f\u00fcr Social Media, insbesondere Instagram, sowie f\u00fcr aktuelle Social Media-Themen<\/li>\r\n \t<li>W\u00fcnschenswert, aber kein Muss: Erfahrungen im Videoschnitt<\/li>\r\n \t<li>Interesse am redaktionellen Arbeiten und Abl\u00e4ufen<\/li>\r\n \t<li>Bereitschaft kreative Ideen zu entwickeln und umzusetzen\r\nZu Ihren Aufgaben geh\u00f6ren:<\/li>\r\n \t<li>Begleitung der inklusiven Social Media-Redaktion \u201eNormalos\u201c der Lebenshilfe Gie\u00dfen<\/li>\r\n \t<li>Teilnahme an den regelm\u00e4\u00dfigen Redaktionssitzungen<\/li>\r\n \t<li>Unterst\u00fctzung bei redaktionellen und technischen Abl\u00e4ufen (z.B. Videobearbeitung, Beitragserstellung etc.)<\/li>\r\n \t<li>Begleitung von redaktionellen Au\u00dfeneins\u00e4tzen\/Reportagen<\/li>\r\n<\/ul>\r\n<strong>Wir bieten Ihnen:<\/strong>\r\n<ul>\r\n \t<li>Eine interessante und vielseitige T\u00e4tigkeit im p\u00e4dagogisch-journalistischen Bereich\u00b7 Die M\u00f6glichkeit, sich in ein Team von erfahrenen Mitarbeiter*innen einzubringen und pers\u00f6nlich weiterzuentwickeln<\/li>\r\n \t<li>M\u00f6glichkeit der Teilnahme an unserem internen Fortbildungsprogramm<\/li>\r\n \t<li>Vielz\u00e4hlige Verg\u00fcnstigungen bei \u00fcber 800 Partnern (z.B. Adidas, WMF oder Expedia), sowie weitere attraktive Rabatte bei Fitnessstudios und Schwimmb\u00e4dern in der Region<\/li>\r\n \t<li>Eine angemessene Verg\u00fctungBewerber*innen mit Schwerbehinderung werden bei gleicher Qualifikation und Eignung bevorzugt.F\u00fcr Ihre Bewerbung verwenden Sie bitte ausschlie\u00dflich unser Bewerberportal unter www.lebenshilfe-giessen.de. Postalische Einsendungen oder Bewerbungen per E-Mail k\u00f6nnen nicht ber\u00fccksichtigt werden.<\/li>\r\n<\/ul>\r\n<h4>&#8212;&#8212;&#8212;&#8212;&#8212;&#8212;&#8212;&#8212;&#8212;&#8212;&#8212;&#8212;&#8212;&#8212;&#8212;&#8212;&#8212;&#8212;&#8212;&#8212;&#8212;&#8212;&#8212;&#8212;&#8212;&#8212;&#8212;&#8212;&#8212;&#8212;&#8212;-<\/h4>\r\n<div class=\"page\" title=\"Page 1\">\r\n<div class=\"section\">\r\n\r\n<hr \/>\r\n\r\n<\/div>\r\n<\/div>\r\n<!-- \/wp:post-content -->","protected":false},"excerpt":{"rendered":"<p>Stellenausschreibung &#8211; Koordinationskraft (m\/w\/d) &#8212;&#8212;&#8212;&#8212;&#8212;&#8212;&#8212;&#8212;&#8212;&#8212;&#8212;&#8212;&#8212;&#8212;&#8212;&#8212;&#8212;&#8212;&#8212;&#8212;&#8212;&#8212;&#8212;&#8212;&#8212;&#8212;&#8212;&#8212;&#8212;&#8212;&#8212;- Stellenausschreibung &#8211; Planetariumsvorf\u00fchrer*in &#8212;&#8212;&#8212;&#8212;&#8212;&#8212;&#8212;&#8212;&#8212;&#8212;&#8212;&#8212;&#8212;&#8212;&#8212;&#8212;&#8212;&#8212;&#8212;&#8212;&#8212;&#8212;&#8212;&#8212;&#8212;&#8212;&#8212;&#8212;&#8212;&#8212;&#8212;- Studentische Mitarbeiter (w\/m\/d) im Bereich Social Media F\u00fcr unsere Stabsstelle Unternehmenskommunikation in Gie\u00dfen suchen wir zum &hellip; <\/p>\n","protected":false},"author":34,"featured_media":0,"parent":2206,"menu_order":0,"comment_status":"closed","ping_status":"closed","template":"","meta":{"footnotes":""},"class_list":["post-4441","page","type-page","status-publish","hentry","latest_post"],"translation":{"provider":"WPGlobus","version":"3.0.2","language":"en","enabled_languages":["de","en"],"languages":{"de":{"title":true,"content":true,"excerpt":false},"en":{"title":false,"content":false,"excerpt":false}}},"_links":{"self":[{"href":"https:\/\/www.asta-giessen.de\/en\/wp-json\/wp\/v2\/pages\/4441","targetHints":{"allow":["GET"]}}],"collection":[{"href":"https:\/\/www.asta-giessen.de\/en\/wp-json\/wp\/v2\/pages"}],"about":[{"href":"https:\/\/www.asta-giessen.de\/en\/wp-json\/wp\/v2\/types\/page"}],"author":[{"embeddable":true,"href":"https:\/\/www.asta-giessen.de\/en\/wp-json\/wp\/v2\/users\/34"}],"replies":[{"embeddable":true,"href":"https:\/\/www.asta-giessen.de\/en\/wp-json\/wp\/v2\/comments?post=4441"}],"version-history":[{"count":0,"href":"https:\/\/www.asta-giessen.de\/en\/wp-json\/wp\/v2\/pages\/4441\/revisions"}],"up":[{"embeddable":true,"href":"https:\/\/www.asta-giessen.de\/en\/wp-json\/wp\/v2\/pages\/2206"}],"wp:attachment":[{"href":"https:\/\/www.asta-giessen.de\/en\/wp-json\/wp\/v2\/media?parent=4441"}],"curies":[{"name":"wp","href":"https:\/\/api.w.org\/{rel}","templated":true}]}}